{"id":2556,"date":"2021-02-19T12:47:13","date_gmt":"2021-02-19T11:47:13","guid":{"rendered":"https:\/\/atencion.org\/wp\/?page_id=2556"},"modified":"2021-02-19T12:48:14","modified_gmt":"2021-02-19T11:48:14","slug":"estudio-de-tdah-y-la-privacion-del-sueno","status":"publish","type":"page","link":"https:\/\/atencion.org\/wp\/estudio-de-tdah-y-la-privacion-del-sueno\/","title":{"rendered":"Estudio de TDAH y la privaci\u00f3n del sue\u00f1o"},"content":{"rendered":"\t\t<div data-elementor-type=\"wp-page\" data-elementor-id=\"2556\" class=\"elementor elementor-2556\">\n\t\t\t\t\t\t<div class=\"elementor-inner\">\n\t\t\t\t<div class=\"elementor-section-wrap\">\n\t\t\t\t\t\t\t\t\t<section class=\"elementor-section elementor-top-section elementor-element elementor-element-5113eb6b elementor-section-boxed elementor-section-height-default elementor-section-height-default\" data-id=\"5113eb6b\" data-element_type=\"section\" data-settings=\"{&quot;background_background&quot;:&quot;classic&quot;,&quot;shape_divider_top&quot;:&quot;mountains&quot;,&quot;shape_divider_bottom&quot;:&quot;mountains&quot;}\">\n\t\t\t\t\t\t\t<div class=\"elementor-background-overlay\"><\/div>\n\t\t\t\t\t\t<div class=\"elementor-shape elementor-shape-top\" data-negative=\"false\">\n\t\t\t<svg xmlns=\"http:\/\/www.w3.org\/2000\/svg\" viewBox=\"0 0 1000 100\" preserveAspectRatio=\"none\">\n\t<path class=\"elementor-shape-fill\" opacity=\"0.33\" d=\"M473,67.3c-203.9,88.3-263.1-34-320.3,0C66,119.1,0,59.7,0,59.7V0h1000v59.7 c0,0-62.1,26.1-94.9,29.3c-32.8,3.3-62.8-12.3-75.8-22.1C806,49.6,745.3,8.7,694.9,4.7S492.4,59,473,67.3z\"\/>\n\t<path class=\"elementor-shape-fill\" opacity=\"0.66\" d=\"M734,67.3c-45.5,0-77.2-23.2-129.1-39.1c-28.6-8.7-150.3-10.1-254,39.1 s-91.7-34.4-149.2,0C115.7,118.3,0,39.8,0,39.8V0h1000v36.5c0,0-28.2-18.5-92.1-18.5C810.2,18.1,775.7,67.3,734,67.3z\"\/>\n\t<path class=\"elementor-shape-fill\" d=\"M766.1,28.9c-200-57.5-266,65.5-395.1,19.5C242,1.8,242,5.4,184.8,20.6C128,35.8,132.3,44.9,89.9,52.5C28.6,63.7,0,0,0,0 h1000c0,0-9.9,40.9-83.6,48.1S829.6,47,766.1,28.9z\"\/>\n<\/svg>\t\t<\/div>\n\t\t\t\t<div class=\"elementor-shape elementor-shape-bottom\" data-negative=\"false\">\n\t\t\t<svg xmlns=\"http:\/\/www.w3.org\/2000\/svg\" viewBox=\"0 0 1000 100\" preserveAspectRatio=\"none\">\n\t<path class=\"elementor-shape-fill\" opacity=\"0.33\" d=\"M473,67.3c-203.9,88.3-263.1-34-320.3,0C66,119.1,0,59.7,0,59.7V0h1000v59.7 c0,0-62.1,26.1-94.9,29.3c-32.8,3.3-62.8-12.3-75.8-22.1C806,49.6,745.3,8.7,694.9,4.7S492.4,59,473,67.3z\"\/>\n\t<path class=\"elementor-shape-fill\" opacity=\"0.66\" d=\"M734,67.3c-45.5,0-77.2-23.2-129.1-39.1c-28.6-8.7-150.3-10.1-254,39.1 s-91.7-34.4-149.2,0C115.7,118.3,0,39.8,0,39.8V0h1000v36.5c0,0-28.2-18.5-92.1-18.5C810.2,18.1,775.7,67.3,734,67.3z\"\/>\n\t<path class=\"elementor-shape-fill\" d=\"M766.1,28.9c-200-57.5-266,65.5-395.1,19.5C242,1.8,242,5.4,184.8,20.6C128,35.8,132.3,44.9,89.9,52.5C28.6,63.7,0,0,0,0 h1000c0,0-9.9,40.9-83.6,48.1S829.6,47,766.1,28.9z\"\/>\n<\/svg>\t\t<\/div>\n\t\t\t\t\t<div class=\"elementor-container elementor-column-gap-default\">\n\t\t\t\t\t\t\t<div class=\"elementor-row\">\n\t\t\t\t\t<div class=\"elementor-column elementor-col-100 elementor-top-column elementor-element elementor-element-50d89cba\" data-id=\"50d89cba\" data-element_type=\"column\">\n\t\t\t<div class=\"elementor-column-wrap elementor-element-populated\">\n\t\t\t\t\t\t\t<div class=\"elementor-widget-wrap\">\n\t\t\t\t\t\t<div class=\"elementor-element elementor-element-7d05092a elementor-widget elementor-widget-heading\" data-id=\"7d05092a\" data-element_type=\"widget\" data-widget_type=\"heading.default\">\n\t\t\t\t<div class=\"elementor-widget-container\">\n\t\t\t<h1 class=\"elementor-heading-title elementor-size-default\">TDAH y la privaci\u00f3n del sue\u00f1o<\/h1>\t\t<\/div>\n\t\t\t\t<\/div>\n\t\t\t\t\t\t<\/div>\n\t\t\t\t\t<\/div>\n\t\t<\/div>\n\t\t\t\t\t\t\t\t<\/div>\n\t\t\t\t\t<\/div>\n\t\t<\/section>\n\t\t\t\t<section class=\"elementor-section elementor-top-section elementor-element elementor-element-24c362ff elementor-section-boxed elementor-section-height-default elementor-section-height-default\" data-id=\"24c362ff\" data-element_type=\"section\">\n\t\t\t\t\t\t<div class=\"elementor-container elementor-column-gap-default\">\n\t\t\t\t\t\t\t<div class=\"elementor-row\">\n\t\t\t\t\t<div class=\"elementor-column elementor-col-100 elementor-top-column elementor-element elementor-element-65e75266\" data-id=\"65e75266\" data-element_type=\"column\">\n\t\t\t<div class=\"elementor-column-wrap elementor-element-populated\">\n\t\t\t\t\t\t\t<div class=\"elementor-widget-wrap\">\n\t\t\t\t\t\t<div class=\"elementor-element elementor-element-19b89828 elementor-widget elementor-widget-text-editor\" data-id=\"19b89828\" data-element_type=\"widget\" data-widget_type=\"text-editor.default\">\n\t\t\t\t<div class=\"elementor-widget-container\">\n\t\t\t\t\t\t\t\t<div class=\"elementor-text-editor elementor-clearfix\">\n\t\t\t\t<p><span style=\"font-weight: 400;\">Un nuevo estudio del Karolinska Institutet (Suecia) publicado en Biological Psychiatry: Informes de neurociencia cognitiva y neuroimagen, encontr\u00f3 que individuos con m\u00e1s s\u00edntomas subcl\u00ednicos de trastorno por d\u00e9ficit de atenci\u00f3n e hiperactividad (TDAH), son menos capaces de desempe\u00f1ar tareas que requieren regulaci\u00f3n de la atenci\u00f3n y control emocional despu\u00e9s de una noche sin dormir.<\/span><\/p><p><span style=\"font-weight: 400;\">El efecto de la privaci\u00f3n de sue\u00f1o puede variar bastante entre individuos, aunque en general este produce m\u00faltiples deterioros cognitivos. Los autores estudiaron el efecto que tiene la privaci\u00f3n de sue\u00f1o sobre las funciones ejecutivas.<\/span><\/p><p><span style=\"font-weight: 400;\"><a href=\"https:\/\/atencion.org\/wp\/mujerencama\/\" rel=\"attachment wp-att-2435\"><img decoding=\"async\" loading=\"lazy\" class=\"size-medium wp-image-2435 alignright\" src=\"https:\/\/atencion.org\/wp\/wp-content\/uploads\/2020\/11\/mujerencama-300x200.jpg\" alt=\"\" width=\"300\" height=\"200\" srcset=\"https:\/\/atencion.org\/wp\/wp-content\/uploads\/2020\/11\/mujerencama-300x200.jpg 300w, https:\/\/atencion.org\/wp\/wp-content\/uploads\/2020\/11\/mujerencama-768x512.jpg 768w, https:\/\/atencion.org\/wp\/wp-content\/uploads\/2020\/11\/mujerencama.jpg 1000w\" sizes=\"(max-width: 300px) 100vw, 300px\" \/><\/a>El estudio tambi\u00e9n tuvo como prop\u00f3sito determinar si los individuos con tendencia al TDAH presentan deterioros funcionales m\u00e1s graves despu\u00e9s de ser privados del sue\u00f1o. La falta de atenci\u00f3n, impulsividad e hiperactividad son caracter\u00edsticos en las personas con TDAH. Los s\u00edntomas var\u00edan de persona a persona y tambi\u00e9n pueden incluir inestabilidad emocional. Predrag Petrovic, uno de los autores del estudio, comenta: \u201cSe podr\u00eda decir que muchas personas tienen algunos s\u00edntomas subcl\u00ednicos similares al TDAH, pero solo se hace un diagn\u00f3stico una vez que los s\u00edntomas se vuelven tan prominentes que interfieren con nuestra vida cotidiana\u201d.<\/span><\/p><p>\u00a0<\/p><p><strong>\u00bfPor qu\u00e9 es importante?<\/strong><\/p><p><span style=\"font-weight: 400;\">Seg\u00fan Petrovic, estos resultados son importantes porque, como ya sabemos, los j\u00f3venes duermen mucho menos que hace 10 a\u00f1os. Si la gente joven con rasgos altos de TDAH duerme poco regularmente, su rendimiento cognitivo ser\u00e1 peor y, lo que es m\u00e1s grave, sus s\u00edntomas podr\u00edan incluso terminar llegando a un nivel cl\u00ednicamente significativo.<\/span><\/p><p>\u00a0<\/p><p><strong>Metodolog\u00eda<\/strong><\/p><p><span style=\"font-weight: 400;\">En el estudio se incluy\u00f3 a 173 participantes saludables de entre 17 y 45 a\u00f1os sin diagn\u00f3stico de TDAH. Se us\u00f3 la escala de trastorno por d\u00e9ficit de atenci\u00f3n de Brown (B-ADD) para evaluar las tendencias a la falta de atenci\u00f3n y a la inestabilidad emocional.<\/span><\/p><p><span style=\"font-weight: 400;\">De forma aleatoria se asign\u00f3 a los participantes a un grupo donde pod\u00edan dormir normalmente y al otro se le priv\u00f3 de sue\u00f1o una noche. Luego se les pidi\u00f3 a todos los participantes que realizaron una prueba que mide las funciones ejecutivas y el control emocional (una prueba de Stroop con rostros neutrales y emocionales).<\/span><\/p><p>\u00a0<\/p><p><strong>Resultados<\/strong><\/p><p><span style=\"font-weight: 400;\">El grupo privado de sue\u00f1o mostr\u00f3 un peor desempe\u00f1o en la prueba. Adem\u00e1s los resultados indicaron que las personas con rasgos altos de TDAH eran m\u00e1s vulnerables a la privaci\u00f3n del sue\u00f1o que aquellas con rasgos bajos de TDAH, mostrando adem\u00e1s un mayor deterioro.<\/span><\/p><p><span style=\"font-weight: 400;\">Estos efectos tambi\u00e9n fueron asociados al tipo m\u00e1s predominante del s\u00edndrome subcl\u00ednico similar al TDAH, ya que al ser privados del sue\u00f1o los participantes mostraban m\u00e1s problemas cotidianos en el control de la estabilidad emocional y ten\u00edan mayores problemas con las tareas cognitivas que involucraban regulaci\u00f3n emocional y aquellos que ten\u00edan m\u00e1s s\u00edntomas cotidianos de falta de atenci\u00f3n ten\u00edan mayores problemas con la tarea cognitiva no emocional.<\/span><\/p><p><a href=\"https:\/\/www.psyciencia.com\/sintomas-subclinicos-de-tdah-mas-vulnerables-a-privacion-sueno\/\"><span style=\"font-weight: 400;\">https:\/\/www.psyciencia.com\/sintomas-subclinicos-de-tdah-mas-vulnerables-a-privacion-sueno\/<\/span><\/a><\/p><p>\u00a0<\/p><p><span style=\"font-weight: 400;\">Pronto en Atencion.org anunciaremos una importante NOVEDAD.<\/span><\/p>\t\t\t\t\t<\/div>\n\t\t\t\t\t\t<\/div>\n\t\t\t\t<\/div>\n\t\t\t\t\t\t<\/div>\n\t\t\t\t\t<\/div>\n\t\t<\/div>\n\t\t\t\t\t\t\t\t<\/div>\n\t\t\t\t\t<\/div>\n\t\t<\/section>\n\t\t\t\t<section class=\"elementor-section elementor-top-section elementor-element elementor-element-7ef0e259 elementor-section-boxed elementor-section-height-default elementor-section-height-default\" data-id=\"7ef0e259\" data-element_type=\"section\">\n\t\t\t\t\t\t<div class=\"elementor-container elementor-column-gap-default\">\n\t\t\t\t\t\t\t<div class=\"elementor-row\">\n\t\t\t\t\t<div class=\"elementor-column elementor-col-100 elementor-top-column elementor-element elementor-element-17ac1683\" data-id=\"17ac1683\" data-element_type=\"column\">\n\t\t\t<div class=\"elementor-column-wrap elementor-element-populated\">\n\t\t\t\t\t\t\t<div class=\"elementor-widget-wrap\">\n\t\t\t\t\t\t<div class=\"elementor-element elementor-element-5f9e366e elementor-widget elementor-widget-heading\" data-id=\"5f9e366e\" data-element_type=\"widget\" data-widget_type=\"heading.default\">\n\t\t\t\t<div class=\"elementor-widget-container\">\n\t\t\t<h2 class=\"elementor-heading-title elementor-size-default\">Formulario de contacto <\/h2>\t\t<\/div>\n\t\t\t\t<\/div>\n\t\t\t\t<div class=\"elementor-element elementor-element-21d09137 elementor-widget elementor-widget-text-editor\" data-id=\"21d09137\" data-element_type=\"widget\" data-widget_type=\"text-editor.default\">\n\t\t\t\t<div class=\"elementor-widget-container\">\n\t\t\t\t\t\t\t\t<div class=\"elementor-text-editor elementor-clearfix\">\n\t\t\t\t<p><div class=\"wpforms-container wpforms-container-full\" id=\"wpforms-904\"><form id=\"wpforms-form-904\" class=\"wpforms-validate wpforms-form\" data-formid=\"904\" method=\"post\" enctype=\"multipart\/form-data\" action=\"\/wp\/wp-json\/wp\/v2\/pages\/2556\" data-token=\"57d09b5d184b8b8d25f9c4551b3324cd\"><noscript class=\"wpforms-error-noscript\">Por favor, activa JavaScript en tu navegador para completar este formulario.<\/noscript><div class=\"wpforms-field-container\"><div id=\"wpforms-904-field_0-container\" class=\"wpforms-field wpforms-field-name\" data-field-id=\"0\"><label class=\"wpforms-field-label\" for=\"wpforms-904-field_0\">Nombre y Apellido <span class=\"wpforms-required-label\">*<\/span><\/label><div class=\"wpforms-field-row wpforms-field-medium\"><div class=\"wpforms-field-row-block wpforms-first wpforms-one-half\"><input type=\"text\" id=\"wpforms-904-field_0\" class=\"wpforms-field-name-first wpforms-field-required\" name=\"wpforms[fields][0][first]\" required><label for=\"wpforms-904-field_0\" class=\"wpforms-field-sublabel after wpforms-sublabel-hide\">Nombre<\/label><\/div><div class=\"wpforms-field-row-block wpforms-one-half\"><input type=\"text\" id=\"wpforms-904-field_0-last\" class=\"wpforms-field-name-last wpforms-field-required\" name=\"wpforms[fields][0][last]\" required><label for=\"wpforms-904-field_0-last\" class=\"wpforms-field-sublabel after wpforms-sublabel-hide\">Apellidos<\/label><\/div><\/div><\/div><div id=\"wpforms-904-field_1-container\" class=\"wpforms-field wpforms-field-email\" data-field-id=\"1\"><label class=\"wpforms-field-label\" for=\"wpforms-904-field_1\">Correo elect\u00f3nico <span class=\"wpforms-required-label\">*<\/span><\/label><input type=\"email\" id=\"wpforms-904-field_1\" class=\"wpforms-field-medium wpforms-field-required\" name=\"wpforms[fields][1]\" spellcheck=\"false\" required><\/div><div id=\"wpforms-904-field_4-container\" class=\"wpforms-field wpforms-field-text\" data-field-id=\"4\"><label class=\"wpforms-field-label\" for=\"wpforms-904-field_4\">Pa\u00eds<\/label><input type=\"text\" id=\"wpforms-904-field_4\" class=\"wpforms-field-medium\" name=\"wpforms[fields][4]\" ><\/div><div id=\"wpforms-904-field_5-container\" class=\"wpforms-field wpforms-field-text\" data-field-id=\"5\"><label class=\"wpforms-field-label\" for=\"wpforms-904-field_5\">Tel\u00e9fono<\/label><input type=\"text\" id=\"wpforms-904-field_5\" class=\"wpforms-field-medium\" name=\"wpforms[fields][5]\" ><div class=\"wpforms-field-description\">Si vives fuera de Espa\u00f1a, por favor a\u00f1adir el c\u00f3digo del pa\u00eds<\/div><\/div><div id=\"wpforms-904-field_2-container\" class=\"wpforms-field wpforms-field-textarea\" data-field-id=\"2\"><label class=\"wpforms-field-label\" for=\"wpforms-904-field_2\">D\u00e9janos un mensaje <span class=\"wpforms-required-label\">*<\/span><\/label><textarea id=\"wpforms-904-field_2\" class=\"wpforms-field-medium wpforms-field-required\" name=\"wpforms[fields][2]\" required><\/textarea><\/div><div id=\"wpforms-904-field_6-container\" class=\"wpforms-field wpforms-field-gdpr-checkbox\" data-field-id=\"6\"><label class=\"wpforms-field-label\" for=\"wpforms-904-field_6\">Consentimiento de tratamiento de datos <span class=\"wpforms-required-label\">*<\/span><\/label><ul id=\"wpforms-904-field_6\" class=\"wpforms-field-required\"><li class=\"choice-1\"><input type=\"checkbox\" id=\"wpforms-904-field_6_1\" name=\"wpforms[fields][6][]\" value=\"Estoy de acuerdo que Atencion.org almacene mi informaci\u00f3n enviada para que puedan responder a mi consulta.\" required ><label class=\"wpforms-field-label-inline\" for=\"wpforms-904-field_6_1\">Estoy de acuerdo que Atencion.org almacene mi informaci\u00f3n enviada para que puedan responder a mi consulta.<\/label><\/li><\/ul><\/div><\/div><!-- .wpforms-field-container --><div class=\"wpforms-field wpforms-field-hp\"><label for=\"wpforms-904-field-hp\" class=\"wpforms-field-label\">Comment<\/label><input type=\"text\" name=\"wpforms[hp]\" id=\"wpforms-904-field-hp\" class=\"wpforms-field-medium\"><\/div><div class=\"wpforms-submit-container\" ><input type=\"hidden\" name=\"wpforms[id]\" value=\"904\"><input type=\"hidden\" name=\"wpforms[author]\" value=\"1\"><button type=\"submit\" name=\"wpforms[submit]\" id=\"wpforms-submit-904\" class=\"wpforms-submit\" data-alt-text=\"Enviando...\" data-submit-text=\"Enviar\" aria-live=\"assertive\" value=\"wpforms-submit\">Enviar<\/button><\/div><\/form><\/div>  <!-- .wpforms-container --><\/p>\t\t\t\t\t<\/div>\n\t\t\t\t\t\t<\/div>\n\t\t\t\t<\/div>\n\t\t\t\t\t\t<\/div>\n\t\t\t\t\t<\/div>\n\t\t<\/div>\n\t\t\t\t\t\t\t\t<\/div>\n\t\t\t\t\t<\/div>\n\t\t<\/section>\n\t\t\t\t<section class=\"elementor-section elementor-top-section elementor-element elementor-element-40bdc0aa elementor-section-boxed elementor-section-height-default elementor-section-height-default\" data-id=\"40bdc0aa\" data-element_type=\"section\" data-settings=\"{&quot;background_background&quot;:&quot;classic&quot;}\">\n\t\t\t\t\t\t\t<div class=\"elementor-background-overlay\"><\/div>\n\t\t\t\t\t\t\t<div class=\"elementor-container elementor-column-gap-default\">\n\t\t\t\t\t\t\t<div class=\"elementor-row\">\n\t\t\t\t\t<div class=\"elementor-column elementor-col-33 elementor-top-column elementor-element elementor-element-4a6bef48\" data-id=\"4a6bef48\" data-element_type=\"column\">\n\t\t\t<div class=\"elementor-column-wrap elementor-element-populated\">\n\t\t\t\t\t\t\t<div class=\"elementor-widget-wrap\">\n\t\t\t\t\t\t<div class=\"elementor-element elementor-element-551b88a5 elementor-widget elementor-widget-text-editor\" data-id=\"551b88a5\" data-element_type=\"widget\" data-widget_type=\"text-editor.default\">\n\t\t\t\t<div class=\"elementor-widget-container\">\n\t\t\t\t\t\t\t\t<div class=\"elementor-text-editor elementor-clearfix\">\n\t\t\t\t<div>\u00bfQuieres saber m\u00e1s? <a href=\"https:\/\/atencion.org\/wp\/contacto-2\/\">Cont\u00e1ctanos:\u00a0<\/a><\/div><div>M\u00f3vil:\u00a0<b>+34646852757<\/b><\/div><div>Mail:\u00a0<a href=\"mailto:info@atencion.org\" target=\"_blank\" rel=\"noopener\"><b>info@atencion.org<\/b><\/a><\/div>\t\t\t\t\t<\/div>\n\t\t\t\t\t\t<\/div>\n\t\t\t\t<\/div>\n\t\t\t\t\t\t<\/div>\n\t\t\t\t\t<\/div>\n\t\t<\/div>\n\t\t\t\t<div class=\"elementor-column elementor-col-33 elementor-top-column elementor-element elementor-element-f0279\" data-id=\"f0279\" data-element_type=\"column\">\n\t\t\t<div class=\"elementor-column-wrap elementor-element-populated\">\n\t\t\t\t\t\t\t<div class=\"elementor-widget-wrap\">\n\t\t\t\t\t\t<div class=\"elementor-element elementor-element-8bba6e4 elementor-widget elementor-widget-text-editor\" data-id=\"8bba6e4\" data-element_type=\"widget\" data-widget_type=\"text-editor.default\">\n\t\t\t\t<div class=\"elementor-widget-container\">\n\t\t\t\t\t\t\t\t<div class=\"elementor-text-editor elementor-clearfix\">\n\t\t\t\t<p><a href=\"https:\/\/atencion.org\/wp\/aviso-legal\/\">Aviso legal<\/a><br \/> <a href=\"https:\/\/atencion.org\/wp\/aviso-legal\/\">Protecci\u00f3n de datos<\/a><\/p>\t\t\t\t\t<\/div>\n\t\t\t\t\t\t<\/div>\n\t\t\t\t<\/div>\n\t\t\t\t\t\t<\/div>\n\t\t\t\t\t<\/div>\n\t\t<\/div>\n\t\t\t\t<div class=\"elementor-column elementor-col-33 elementor-top-column elementor-element elementor-element-35b52f9b\" data-id=\"35b52f9b\" data-element_type=\"column\">\n\t\t\t<div class=\"elementor-column-wrap elementor-element-populated\">\n\t\t\t\t\t\t\t<div class=\"elementor-widget-wrap\">\n\t\t\t\t\t\t<div class=\"elementor-element elementor-element-3d5e010c elementor-widget elementor-widget-text-editor\" data-id=\"3d5e010c\" data-element_type=\"widget\" data-widget_type=\"text-editor.default\">\n\t\t\t\t<div class=\"elementor-widget-container\">\n\t\t\t\t\t\t\t\t<div class=\"elementor-text-editor elementor-clearfix\">\n\t\t\t\t<p><a href=\"https:\/\/atencion.org\/wp\/aviso-legal\/\">Cookies<\/a><br \/> <a href=\"https:\/\/atencion.org\/wp\/contacto-2\/\">Contacto<\/a><\/p>\t\t\t\t\t<\/div>\n\t\t\t\t\t\t<\/div>\n\t\t\t\t<\/div>\n\t\t\t\t\t\t<\/div>\n\t\t\t\t\t<\/div>\n\t\t<\/div>\n\t\t\t\t\t\t\t\t<\/div>\n\t\t\t\t\t<\/div>\n\t\t<\/section>\n\t\t\t\t\t\t\t\t\t<\/div>\n\t\t\t<\/div>\n\t\t\t\t\t<\/div>\n\t\t","protected":false},"excerpt":{"rendered":"<p>TDAH y la privaci\u00f3n del sue\u00f1o Un nuevo estudio del Karolinska Institutet (Suecia) publicado en Biological Psychiatry: Informes de neurociencia cognitiva y neuroimagen, encontr\u00f3 que individuos con m\u00e1s s\u00edntomas subcl\u00ednicos de trastorno por d\u00e9ficit de atenci\u00f3n e hiperactividad (TDAH), son menos capaces de desempe\u00f1ar tareas que requieren regulaci\u00f3n de la atenci\u00f3n y control emocional despu\u00e9s &#8230; <a title=\"Estudio de TDAH y la privaci\u00f3n del sue\u00f1o\" class=\"read-more\" href=\"https:\/\/atencion.org\/wp\/estudio-de-tdah-y-la-privacion-del-sueno\/\" aria-label=\"M\u00e1s en Estudio de TDAH y la privaci\u00f3n del sue\u00f1o\">Leer m\u00e1s<\/a><\/p>\n","protected":false},"author":1,"featured_media":0,"parent":0,"menu_order":0,"comment_status":"closed","ping_status":"closed","template":"","meta":{"_monsterinsights_skip_tracking":false,"_monsterinsights_sitenote_active":false,"_monsterinsights_sitenote_note":"","_monsterinsights_sitenote_category":0},"yoast_head":"<!-- This site is optimized with the Yoast SEO plugin v20.6 - https:\/\/yoast.com\/wordpress\/plugins\/seo\/ -->\n<title>Estudio de TDAH y la privaci\u00f3n del sue\u00f1o - Atencion<\/title>\n<meta name=\"robots\" content=\"index, follow, max-snippet:-1, max-image-preview:large, max-video-preview:-1\" \/>\n<link rel=\"canonical\" href=\"https:\/\/atencion.org\/wp\/estudio-de-tdah-y-la-privacion-del-sueno\/\" \/>\n<meta property=\"og:locale\" content=\"es_ES\" \/>\n<meta property=\"og:type\" content=\"article\" \/>\n<meta property=\"og:title\" content=\"Estudio de TDAH y la privaci\u00f3n del sue\u00f1o - Atencion\" \/>\n<meta property=\"og:description\" content=\"TDAH y la privaci\u00f3n del sue\u00f1o Un nuevo estudio del Karolinska Institutet (Suecia) publicado en Biological Psychiatry: Informes de neurociencia cognitiva y neuroimagen, encontr\u00f3 que individuos con m\u00e1s s\u00edntomas subcl\u00ednicos de trastorno por d\u00e9ficit de atenci\u00f3n e hiperactividad (TDAH), son menos capaces de desempe\u00f1ar tareas que requieren regulaci\u00f3n de la atenci\u00f3n y control emocional despu\u00e9s ... Leer m\u00e1s\" \/>\n<meta property=\"og:url\" content=\"https:\/\/atencion.org\/wp\/estudio-de-tdah-y-la-privacion-del-sueno\/\" \/>\n<meta property=\"og:site_name\" content=\"Atencion\" \/>\n<meta property=\"article:modified_time\" content=\"2021-02-19T11:48:14+00:00\" \/>\n<meta property=\"og:image\" content=\"https:\/\/atencion.org\/wp\/wp-content\/uploads\/2020\/11\/mujerencama-300x200.jpg\" \/>\n<meta name=\"twitter:card\" content=\"summary_large_image\" \/>\n<meta name=\"twitter:label1\" content=\"Tiempo de lectura\" \/>\n\t<meta name=\"twitter:data1\" content=\"3 minutos\" \/>\n<script type=\"application\/ld+json\" class=\"yoast-schema-graph\">{\"@context\":\"https:\/\/schema.org\",\"@graph\":[{\"@type\":\"WebPage\",\"@id\":\"https:\/\/atencion.org\/wp\/estudio-de-tdah-y-la-privacion-del-sueno\/\",\"url\":\"https:\/\/atencion.org\/wp\/estudio-de-tdah-y-la-privacion-del-sueno\/\",\"name\":\"Estudio de TDAH y la privaci\u00f3n del sue\u00f1o - Atencion\",\"isPartOf\":{\"@id\":\"https:\/\/atencion.org\/wp\/#website\"},\"datePublished\":\"2021-02-19T11:47:13+00:00\",\"dateModified\":\"2021-02-19T11:48:14+00:00\",\"breadcrumb\":{\"@id\":\"https:\/\/atencion.org\/wp\/estudio-de-tdah-y-la-privacion-del-sueno\/#breadcrumb\"},\"inLanguage\":\"es\",\"potentialAction\":[{\"@type\":\"ReadAction\",\"target\":[\"https:\/\/atencion.org\/wp\/estudio-de-tdah-y-la-privacion-del-sueno\/\"]}]},{\"@type\":\"BreadcrumbList\",\"@id\":\"https:\/\/atencion.org\/wp\/estudio-de-tdah-y-la-privacion-del-sueno\/#breadcrumb\",\"itemListElement\":[{\"@type\":\"ListItem\",\"position\":1,\"name\":\"Portada\",\"item\":\"https:\/\/atencion.org\/wp\/\"},{\"@type\":\"ListItem\",\"position\":2,\"name\":\"Estudio de TDAH y la privaci\u00f3n del sue\u00f1o\"}]},{\"@type\":\"WebSite\",\"@id\":\"https:\/\/atencion.org\/wp\/#website\",\"url\":\"https:\/\/atencion.org\/wp\/\",\"name\":\"Atencion\",\"description\":\"\",\"publisher\":{\"@id\":\"https:\/\/atencion.org\/wp\/#organization\"},\"potentialAction\":[{\"@type\":\"SearchAction\",\"target\":{\"@type\":\"EntryPoint\",\"urlTemplate\":\"https:\/\/atencion.org\/wp\/?s={search_term_string}\"},\"query-input\":\"required name=search_term_string\"}],\"inLanguage\":\"es\"},{\"@type\":\"Organization\",\"@id\":\"https:\/\/atencion.org\/wp\/#organization\",\"name\":\"Atencion\",\"url\":\"https:\/\/atencion.org\/wp\/\",\"logo\":{\"@type\":\"ImageObject\",\"inLanguage\":\"es\",\"@id\":\"https:\/\/atencion.org\/wp\/#\/schema\/logo\/image\/\",\"url\":\"https:\/\/atencion.org\/wp\/wp-content\/uploads\/2022\/07\/logo_small.png\",\"contentUrl\":\"https:\/\/atencion.org\/wp\/wp-content\/uploads\/2022\/07\/logo_small.png\",\"width\":500,\"height\":93,\"caption\":\"Atencion\"},\"image\":{\"@id\":\"https:\/\/atencion.org\/wp\/#\/schema\/logo\/image\/\"}}]}<\/script>\n<!-- \/ Yoast SEO plugin. -->","yoast_head_json":{"title":"Estudio de TDAH y la privaci\u00f3n del sue\u00f1o - Atencion","robots":{"index":"index","follow":"follow","max-snippet":"max-snippet:-1","max-image-preview":"max-image-preview:large","max-video-preview":"max-video-preview:-1"},"canonical":"https:\/\/atencion.org\/wp\/estudio-de-tdah-y-la-privacion-del-sueno\/","og_locale":"es_ES","og_type":"article","og_title":"Estudio de TDAH y la privaci\u00f3n del sue\u00f1o - Atencion","og_description":"TDAH y la privaci\u00f3n del sue\u00f1o Un nuevo estudio del Karolinska Institutet (Suecia) publicado en Biological Psychiatry: Informes de neurociencia cognitiva y neuroimagen, encontr\u00f3 que individuos con m\u00e1s s\u00edntomas subcl\u00ednicos de trastorno por d\u00e9ficit de atenci\u00f3n e hiperactividad (TDAH), son menos capaces de desempe\u00f1ar tareas que requieren regulaci\u00f3n de la atenci\u00f3n y control emocional despu\u00e9s ... Leer m\u00e1s","og_url":"https:\/\/atencion.org\/wp\/estudio-de-tdah-y-la-privacion-del-sueno\/","og_site_name":"Atencion","article_modified_time":"2021-02-19T11:48:14+00:00","og_image":[{"url":"https:\/\/atencion.org\/wp\/wp-content\/uploads\/2020\/11\/mujerencama-300x200.jpg"}],"twitter_card":"summary_large_image","twitter_misc":{"Tiempo de lectura":"3 minutos"},"schema":{"@context":"https:\/\/schema.org","@graph":[{"@type":"WebPage","@id":"https:\/\/atencion.org\/wp\/estudio-de-tdah-y-la-privacion-del-sueno\/","url":"https:\/\/atencion.org\/wp\/estudio-de-tdah-y-la-privacion-del-sueno\/","name":"Estudio de TDAH y la privaci\u00f3n del sue\u00f1o - Atencion","isPartOf":{"@id":"https:\/\/atencion.org\/wp\/#website"},"datePublished":"2021-02-19T11:47:13+00:00","dateModified":"2021-02-19T11:48:14+00:00","breadcrumb":{"@id":"https:\/\/atencion.org\/wp\/estudio-de-tdah-y-la-privacion-del-sueno\/#breadcrumb"},"inLanguage":"es","potentialAction":[{"@type":"ReadAction","target":["https:\/\/atencion.org\/wp\/estudio-de-tdah-y-la-privacion-del-sueno\/"]}]},{"@type":"BreadcrumbList","@id":"https:\/\/atencion.org\/wp\/estudio-de-tdah-y-la-privacion-del-sueno\/#breadcrumb","itemListElement":[{"@type":"ListItem","position":1,"name":"Portada","item":"https:\/\/atencion.org\/wp\/"},{"@type":"ListItem","position":2,"name":"Estudio de TDAH y la privaci\u00f3n del sue\u00f1o"}]},{"@type":"WebSite","@id":"https:\/\/atencion.org\/wp\/#website","url":"https:\/\/atencion.org\/wp\/","name":"Atencion","description":"","publisher":{"@id":"https:\/\/atencion.org\/wp\/#organization"},"potentialAction":[{"@type":"SearchAction","target":{"@type":"EntryPoint","urlTemplate":"https:\/\/atencion.org\/wp\/?s={search_term_string}"},"query-input":"required name=search_term_string"}],"inLanguage":"es"},{"@type":"Organization","@id":"https:\/\/atencion.org\/wp\/#organization","name":"Atencion","url":"https:\/\/atencion.org\/wp\/","logo":{"@type":"ImageObject","inLanguage":"es","@id":"https:\/\/atencion.org\/wp\/#\/schema\/logo\/image\/","url":"https:\/\/atencion.org\/wp\/wp-content\/uploads\/2022\/07\/logo_small.png","contentUrl":"https:\/\/atencion.org\/wp\/wp-content\/uploads\/2022\/07\/logo_small.png","width":500,"height":93,"caption":"Atencion"},"image":{"@id":"https:\/\/atencion.org\/wp\/#\/schema\/logo\/image\/"}}]}},"_links":{"self":[{"href":"https:\/\/atencion.org\/wp\/wp-json\/wp\/v2\/pages\/2556"}],"collection":[{"href":"https:\/\/atencion.org\/wp\/wp-json\/wp\/v2\/pages"}],"about":[{"href":"https:\/\/atencion.org\/wp\/wp-json\/wp\/v2\/types\/page"}],"author":[{"embeddable":true,"href":"https:\/\/atencion.org\/wp\/wp-json\/wp\/v2\/users\/1"}],"replies":[{"embeddable":true,"href":"https:\/\/atencion.org\/wp\/wp-json\/wp\/v2\/comments?post=2556"}],"version-history":[{"count":4,"href":"https:\/\/atencion.org\/wp\/wp-json\/wp\/v2\/pages\/2556\/revisions"}],"predecessor-version":[{"id":2560,"href":"https:\/\/atencion.org\/wp\/wp-json\/wp\/v2\/pages\/2556\/revisions\/2560"}],"wp:attachment":[{"href":"https:\/\/atencion.org\/wp\/wp-json\/wp\/v2\/media?parent=2556"}],"curies":[{"name":"wp","href":"https:\/\/api.w.org\/{rel}","templated":true}]}}